{"id":2112,"date":"2019-06-26T18:31:45","date_gmt":"2019-06-26T18:31:45","guid":{"rendered":"http:\/\/paginaswebenmexico.net\/wordpress2019\/?page_id=2112"},"modified":"2019-08-07T17:40:27","modified_gmt":"2019-08-07T17:40:27","slug":"imagen-corporativa","status":"publish","type":"page","link":"https:\/\/paginaswebenmexico.net\/wordpress2019\/imagen-corporativa\/","title":{"rendered":"Imagen Corporativa"},"content":{"rendered":"<p>[et_pb_section fb_built=&#8221;1&#8243; fullwidth=&#8221;on&#8221; _builder_version=&#8221;3.24.1&#8243;][et_pb_fullwidth_image src=&#8221;http:\/\/paginaswebenmexico.net\/wordpress2019\/wp-content\/uploads\/2019\/07\/imagen-corporativa-2.jpg&#8221; disabled_on=&#8221;on|off|off&#8221; _builder_version=&#8221;3.24.1&#8243; box_shadow_style=&#8221;preset3&#8243; animation_style=&#8221;bounce&#8221;][\/et_pb_fullwidth_image][\/et_pb_section][et_pb_section fb_built=&#8221;1&#8243; fullwidth=&#8221;on&#8221; _builder_version=&#8221;3.24.1&#8243;][et_pb_fullwidth_image src=&#8221;http:\/\/paginaswebenmexico.net\/wordpress2019\/wp-content\/uploads\/2019\/07\/imagen-corp-inicio-cel.jpg&#8221; disabled_on=&#8221;off|on|on&#8221; _builder_version=&#8221;3.24.1&#8243; animation_style=&#8221;roll&#8221;][\/et_pb_fullwidth_image][\/et_pb_section][et_pb_section fb_built=&#8221;1&#8243; fullwidth=&#8221;on&#8221; _builder_version=&#8221;3.24.1&#8243; box_shadow_style=&#8221;preset3&#8243; animation_style=&#8221;roll&#8221;][et_pb_fullwidth_header title=&#8221;Dise\u00f1o de Imagen Corporativa para tu empresa o negocio&#8221; _builder_version=&#8221;3.24.1&#8243; title_font=&#8221;||||||||&#8221; title_text_align=&#8221;center&#8221; title_font_size=&#8221;36px&#8221; title_text_shadow_style=&#8221;preset1&#8243; content_font=&#8221;||||||||&#8221; content_text_align=&#8221;center&#8221; content_font_size=&#8221;20px&#8221; content_text_shadow_style=&#8221;preset1&#8243; background_color=&#8221;#e02b20&#8243;]<\/p>\n<p>&nbsp;<\/p>\n<p>La <strong>Imagen Corporativa es el alma de tu empresa<\/strong> y es lo primero que se nota &#8230; si es una empresa desarrollada o no.<\/p>\n<p>Aqu\u00ed tienes unas muestras de dise\u00f1os que hemos creado.<span style=\"font-size: 20px;\">\u00a0<\/span><\/p>\n<p>[\/et_pb_fullwidth_header][\/et_pb_section][et_pb_section fb_built=&#8221;1&#8243; fullwidth=&#8221;on&#8221; disabled_on=&#8221;on|off|off&#8221; _builder_version=&#8221;3.24.1&#8243;][et_pb_fullwidth_slider _builder_version=&#8221;3.24.1&#8243; animation_style=&#8221;bounce&#8221;][et_pb_slide heading=&#8221;Imagen Corporativa&#8221; _builder_version=&#8221;3.24.1&#8243; header_font=&#8221;||||||||&#8221; header_font_size=&#8221;50px&#8221; header_text_shadow_style=&#8221;preset1&#8243; header_text_shadow_color=&#8221;#000000&#8243; body_font=&#8221;||||||||&#8221; body_font_size=&#8221;24px&#8221; body_text_shadow_style=&#8221;preset1&#8243; body_text_shadow_color=&#8221;#000000&#8243; background_color=&#8221;#000000&#8243; background_image=&#8221;http:\/\/paginaswebenmexico.net\/wordpress2019\/wp-content\/uploads\/2019\/07\/imagen-corporativa.jpg&#8221; parallax=&#8221;on&#8221;]<\/p>\n<p>.. finalmente es tu imagen la que proyecta tu empresa .. tu decides..<\/p>\n<p>[\/et_pb_slide][\/et_pb_fullwidth_slider][\/et_pb_section][et_pb_section fb_built=&#8221;1&#8243; fullwidth=&#8221;on&#8221; _builder_version=&#8221;3.24.1&#8243; background_color=&#8221;rgba(0,0,0,0)&#8221; animation_style=&#8221;roll&#8221;][et_pb_fullwidth_header title=&#8221;\u00bfQu\u00e9 es la Imagen Corporativa?&#8221; subhead=&#8221;.. imagen ante todo!!&#8221; _builder_version=&#8221;3.24.1&#8243; title_font=&#8221;||||||||&#8221; title_text_color=&#8221;#8300e9&#8243; title_font_size=&#8221;46px&#8221; title_text_shadow_style=&#8221;preset1&#8243; content_font=&#8221;||||||||&#8221; content_text_color=&#8221;#000000&#8243; content_font_size=&#8221;20px&#8221; subhead_font=&#8221;||||||||&#8221; subhead_text_color=&#8221;#000000&#8243; subhead_font_size=&#8221;23px&#8221; background_color=&#8221;rgba(0,0,0,0)&#8221; animation_style=&#8221;fade&#8221;]<\/p>\n<div class=\"et_pb_header_content_wrapper\">\n<p><span style=\"color: #b2b2b2;\"><\/span><\/p>\n<p><span style=\"color: #b2b2b2;\">\u00a0<\/span><\/p>\n<p><span style=\"font-size: 20px;\">La<\/span><span style=\"font-size: 20px;\">\u00a0<\/span><b style=\"font-size: 20px;\">imagen corporativa<\/b><span style=\"font-size: 20px;\">\u00a0<\/span><span style=\"font-size: 20px;\">se refiere a c\u00f3mo se percibe una compa\u00f1\u00eda.<\/span><\/p>\n<p><span style=\"font-size: 20px;\"><\/span><\/p>\n<p><span style=\"font-size: 20px;\">Es un dise\u00f1o generalmente aceptado de lo que una compa\u00f1\u00eda &#8220;significa&#8221;. La creaci\u00f3n de un dise\u00f1o\u00a0<\/span><b style=\"font-size: 20px;\">corporativo<\/b><span style=\"font-size: 20px;\">\u00a0<\/span><span style=\"font-size: 20px;\">es un ejercicio en la direcci\u00f3n de la percepci\u00f3n.\u00a0 \u00a0 \u00a0<span>\u00a0 \u00a0 \u00a0 <span style=\"color: #8300e9;\">\u00a0<\/span><\/span><span style=\"color: #8300e9;\"><strong>.. imagen ante todo !!\u00a0 \u00a0 \u00a0 \u00a0=)<\/strong><\/span><\/span><\/p>\n<p><span style=\"font-size: 20px;\"><span><\/span><\/span><\/p>\n<p><span style=\"font-size: 20px;\"><span>La\u00a0<\/span><b>identidad corporativa<\/b><span>\u00a0es la representaci\u00f3n o imagen conceptual que un espectador tiene de una organizaci\u00f3n o de una empresa, la imagen\u00a0<\/span><b>corporativa<\/b><span>\u00a0es una parte de la\u00a0<\/span><b>identidad corporativa<\/b><span>\u00a0que hace referencia a los aspectos visuales de dicha representaci\u00f3n.<\/span><\/span><\/p>\n<\/div>\n<p>[\/et_pb_fullwidth_header][\/et_pb_section][et_pb_section fb_built=&#8221;1&#8243; fullwidth=&#8221;on&#8221; disabled_on=&#8221;on|off|off&#8221; _builder_version=&#8221;3.24.1&#8243; animation_style=&#8221;bounce&#8221;][et_pb_fullwidth_image src=&#8221;http:\/\/paginaswebenmexico.net\/wordpress2019\/wp-content\/uploads\/2019\/06\/area-2-dise\u00f1o-publicidad-2.jpg&#8221; _builder_version=&#8221;3.24.1&#8243;][\/et_pb_fullwidth_image][\/et_pb_section][et_pb_section fb_built=&#8221;1&#8243; fullwidth=&#8221;on&#8221; disabled_on=&#8221;off|on|on&#8221; _builder_version=&#8221;3.24.1&#8243;][et_pb_fullwidth_image src=&#8221;http:\/\/paginaswebenmexico.net\/wordpress2019\/wp-content\/uploads\/2019\/07\/quienes-somos-05.jpg&#8221; _builder_version=&#8221;3.24.1&#8243; animation_style=&#8221;bounce&#8221;][\/et_pb_fullwidth_image][\/et_pb_section][et_pb_section fb_built=&#8221;1&#8243; _builder_version=&#8221;3.24.1&#8243; box_shadow_style=&#8221;preset3&#8243;][et_pb_row _builder_version=&#8221;3.24.1&#8243; width=&#8221;90%&#8221; max_width=&#8221;1400px&#8221;][et_pb_column type=&#8221;1_2&#8243; _builder_version=&#8221;3.24.1&#8243;][et_pb_text _builder_version=&#8221;3.24.1&#8243; text_font=&#8221;||||||||&#8221; text_text_shadow_style=&#8221;preset1&#8243; animation_style=&#8221;roll&#8221;]<\/p>\n<div class=\"mod\" data-md=\"61\"><span style=\"font-size: xx-large; color: #8300e9;\"> \u00bfQu\u00e9 son los elementos corporativos?<\/span><\/div>\n<div class=\"g\">\n<div data-hveid=\"CA0QGA\" data-ved=\"2ahUKEwj444qfhKbjAhVDVs0KHXD9CyQQFSgAMAZ6BAgNEBg\"><\/div>\n<\/div>\n<p>[\/et_pb_text][et_pb_text _builder_version=&#8221;3.24.1&#8243; animation_style=&#8221;roll&#8221;]<\/p>\n<div class=\"mod\" data-md=\"61\">\n<div class=\"LGOjhe\" aria-level=\"3\" role=\"heading\" data-hveid=\"CA0QFQ\"><span class=\"ILfuVd NA6bn\" style=\"font-size: large;\"><span class=\"e24Kjd\">El concepto de imagen\u00a0<b>corporativa<\/b>\u00a0podr\u00eda resumirse en una sola palabra: <strong>todo!!<\/strong>.\u00a0 \u00a0 Es decir,<strong> la suma de\u00a0elementos\u00a0tangibles y no tangibles<\/strong> que forman parte del d\u00eda a d\u00eda de las organizaciones y que, directa o indirectamente, <strong>env\u00edan un mensaje<\/strong> tanto a quienes trabajan en ellas como a los agentes externos.<\/span><\/span><span class=\"kX21rb\"><\/span><\/div>\n<\/div>\n<div class=\"g\">\n<div data-hveid=\"CA0QGA\" data-ved=\"2ahUKEwj444qfhKbjAhVDVs0KHXD9CyQQFSgAMAZ6BAgNEBg\"><\/div>\n<\/div>\n<p>[\/et_pb_text][\/et_pb_column][et_pb_column type=&#8221;1_2&#8243; _builder_version=&#8221;3.24.1&#8243;][et_pb_image src=&#8221;http:\/\/paginaswebenmexico.net\/wordpress2019\/wp-content\/uploads\/2019\/06\/web-dev-12.png&#8221; _builder_version=&#8221;3.24.1&#8243;][\/et_pb_image][\/et_pb_column][\/et_pb_row][\/et_pb_section][et_pb_section fb_built=&#8221;1&#8243; fullwidth=&#8221;on&#8221; _builder_version=&#8221;3.24.1&#8243; box_shadow_style=&#8221;preset3&#8243; animation_style=&#8221;roll&#8221;][et_pb_fullwidth_header title=&#8221;Ventajas de tener una buena imagen corporativa&#8221; _builder_version=&#8221;3.24.1&#8243; title_font=&#8221;||||||||&#8221; title_text_align=&#8221;center&#8221; title_text_color=&#8221;#000000&#8243; title_font_size=&#8221;36px&#8221; title_text_shadow_style=&#8221;preset1&#8243; content_font=&#8221;||||||||&#8221; content_text_align=&#8221;center&#8221; content_text_color=&#8221;#000000&#8243; content_font_size=&#8221;20px&#8221; content_text_shadow_style=&#8221;preset1&#8243; background_color=&#8221;#ffffff&#8221; custom_padding=&#8221;24px||18px|||&#8221;][\/et_pb_fullwidth_header][\/et_pb_section][et_pb_section fb_built=&#8221;1&#8243; _builder_version=&#8221;3.24.1&#8243; box_shadow_style=&#8221;preset1&#8243; custom_margin=&#8221;-4px|||||&#8221; custom_padding=&#8221;||6px|||&#8221;][et_pb_row _builder_version=&#8221;3.24.1&#8243;][et_pb_column type=&#8221;1_3&#8243; _builder_version=&#8221;3.24.1&#8243;][et_pb_image src=&#8221;http:\/\/paginaswebenmexico.net\/wordpress2019\/wp-content\/uploads\/2019\/06\/servicio_completoA_ventajas.jpg&#8221; _builder_version=&#8221;3.24.1&#8243; box_shadow_style=&#8221;preset6&#8243;][\/et_pb_image][et_pb_text _builder_version=&#8221;3.24.1&#8243;]<\/p>\n<p><span style=\"font-size: large;\"><strong>1.\u00a0<\/strong>El cliente decide comprar de ti en lugar de la competencia.<\/span><\/p>\n<p><span style=\"font-size: large;\"><strong>2. <\/strong>Eres reconocido y recordado por los consumidores f\u00e1cilmente.<\/span><\/p>\n<p>[\/et_pb_text][\/et_pb_column][et_pb_column type=&#8221;1_3&#8243; _builder_version=&#8221;3.24.1&#8243;][et_pb_text _builder_version=&#8221;3.24.1&#8243;]<\/p>\n<p><span style=\"font-size: large;\"><strong>3.\u00a0<\/strong>Facilita tu proceso de ventas.<\/span><\/p>\n<p><span style=\"font-size: large;\">4.\u00a0Consumidores leales.<\/span><\/p>\n<p><span style=\"font-size: large;\"><strong>5.\u00a0<\/strong>Captaci\u00f3n de nuevos clientes.<\/span><\/p>\n<p><span style=\"font-size: large;\">6.\u00a0Mayor confianza de los empleados de la empresa.<\/span><\/p>\n<p><span style=\"font-size: large;\"><strong>7.\u00a0<\/strong>Otro de sus beneficios est\u00e1 enfocado a la posibilidad de atraer empleados competentes.<\/span><\/p>\n<p><span style=\"font-size: large;\">8.\u00a0Darle valor a su marca.<\/span><\/p>\n<p><span style=\"font-size: large;\">9.\u00a0Una imagen corporativa s\u00f3lida tambi\u00e9n le brinda la posibilidad de cobrar un precio o un honorario m\u00e1s elevado.<\/span><\/p>\n<p><span style=\"font-size: large;\">10.\u00a0 Credibilidad ante el consumidor y tus proveedores.<\/span><\/p>\n<p>&nbsp;<\/p>\n<p>[\/et_pb_text][\/et_pb_column][et_pb_column type=&#8221;1_3&#8243; _builder_version=&#8221;3.24.1&#8243;][et_pb_image src=&#8221;http:\/\/paginaswebenmexico.net\/wordpress2019\/wp-content\/uploads\/2019\/07\/carita-con-manitas-003-b.jpg&#8221; _builder_version=&#8221;3.24.1&#8243;][\/et_pb_image][et_pb_text _builder_version=&#8221;3.24.1&#8243;]<\/p>\n<p><span style=\"font-size: large;\">El objetivo principal de la imagen corporativa de una empresa es proyectar confianza, transmitir profesionalidad a sus clientes potenciales y ser m\u00e1s competitiva.<\/span><\/p>\n<p>[\/et_pb_text][\/et_pb_column][\/et_pb_row][\/et_pb_section][et_pb_section fb_built=&#8221;1&#8243; fullwidth=&#8221;on&#8221; _builder_version=&#8221;3.24.1&#8243; box_shadow_style=&#8221;preset3&#8243; animation_style=&#8221;roll&#8221;][et_pb_fullwidth_header title=&#8221;.. tenemos 4 paquetes de Imagen Corporativa a elegir .. &#8221; _builder_version=&#8221;3.24.1&#8243; title_font=&#8221;||||||||&#8221; title_text_align=&#8221;center&#8221; title_text_color=&#8221;#000000&#8243; title_font_size=&#8221;36px&#8221; title_text_shadow_style=&#8221;preset1&#8243; content_font=&#8221;||||||||&#8221; content_text_align=&#8221;center&#8221; content_text_color=&#8221;#000000&#8243; content_font_size=&#8221;20px&#8221; content_text_shadow_style=&#8221;preset1&#8243; background_color=&#8221;#ffffff&#8221; custom_padding=&#8221;24px||18px|||&#8221;][\/et_pb_fullwidth_header][\/et_pb_section][et_pb_section fb_built=&#8221;1&#8243; _builder_version=&#8221;3.24.1&#8243; box_shadow_style=&#8221;preset3&#8243; custom_padding=&#8221;3px|||||&#8221; animation_style=&#8221;bounce&#8221;][et_pb_row _builder_version=&#8221;3.24.1&#8243; width=&#8221;90%&#8221; max_width=&#8221;1400px&#8221; custom_margin=&#8221;|auto||72px||&#8221; module_alignment=&#8221;center&#8221;][et_pb_column type=&#8221;1_4&#8243; _builder_version=&#8221;3.24.1&#8243;][et_pb_text _builder_version=&#8221;3.24.1&#8243; text_font=&#8221;||||||||&#8221; text_text_align=&#8221;center&#8221; text_text_color=&#8221;#ffffff&#8221; text_font_size=&#8221;24px&#8221; text_line_height=&#8221;1em&#8221; ul_font=&#8221;||||||||&#8221; border_width_all=&#8221;1px&#8221; box_shadow_style=&#8221;preset3&#8243;]<\/p>\n<p><span color=\"#fc00ef\" style=\"color: #fc00ef;\">Imagen Corporativa Elemental<\/span><\/p>\n<p>[\/et_pb_text][et_pb_number_counter number=&#8221;4595&#8243; percent_sign=&#8221;off&#8221; _builder_version=&#8221;3.24.1&#8243; number_font=&#8221;||||||||&#8221; number_text_color=&#8221;#ff00e5&#8243; number_text_shadow_style=&#8221;preset1&#8243;][\/et_pb_number_counter][et_pb_toggle title=&#8221;Contiene:&#8221; _builder_version=&#8221;3.24.1&#8243; box_shadow_style=&#8221;preset3&#8243;]<\/p>\n<p><span style=\"font-size: large; color: #0c71c3;\"><strong>Logo:\u00a0\u00a0$\u00a02,371<\/strong><\/span><\/p>\n<p><strong style=\"color: #0c71c3; font-size: large;\">Tarjetas :\u00a0$\u00a0519 (1 Millar)<\/strong><\/p>\n<p><strong style=\"font-size: large;\"><span style=\"color: #0c71c3;\">Hojas Membretadas :\u00a0\u00a0$\u00a01,705 (1 Millar)<\/span><\/strong><\/p>\n<p>[\/et_pb_toggle][et_pb_text _builder_version=&#8221;3.24.1&#8243; text_font=&#8221;||||||||&#8221;]<\/p>\n<p><b>(ESTE PAQUETE NO TIENE PAGINA WEB)<\/b><\/p>\n<p>[\/et_pb_text][et_pb_divider color=&#8221;#ff00ff&#8221; _builder_version=&#8221;3.24.1&#8243;][\/et_pb_divider][\/et_pb_column][et_pb_column type=&#8221;1_4&#8243; _builder_version=&#8221;3.24.1&#8243;][et_pb_text _builder_version=&#8221;3.24.1&#8243; text_font=&#8221;||||||||&#8221; text_text_align=&#8221;center&#8221; text_text_color=&#8221;#ffffff&#8221; text_font_size=&#8221;24px&#8221; text_line_height=&#8221;1em&#8221; ul_font=&#8221;||||||||&#8221; border_width_all=&#8221;1px&#8221; box_shadow_style=&#8221;preset3&#8243;]<\/p>\n<p><span color=\"#fc00ef\" style=\"color: #0000ff;\">Imagen Corporativa B\u00e1sica<\/span><\/p>\n<p>[\/et_pb_text][et_pb_number_counter number=&#8221;8395&#8243; percent_sign=&#8221;off&#8221; _builder_version=&#8221;3.24.1&#8243; number_font=&#8221;||||||||&#8221; number_text_color=&#8221;#0f2bff&#8221; number_text_shadow_style=&#8221;preset1&#8243;][\/et_pb_number_counter][et_pb_toggle title=&#8221;Contiene:&#8221; _builder_version=&#8221;3.24.1&#8243; box_shadow_style=&#8221;preset3&#8243;]<\/p>\n<p><span style=\"font-size: large; color: #0c71c3;\"><strong>Logo:\u00a0\u00a0$\u00a02,371<\/strong><\/span><\/p>\n<p><strong style=\"color: #0c71c3; font-size: large;\">Tarjetas :\u00a0$\u00a0519 (1 Millar)<\/strong><\/p>\n<p><strong style=\"font-size: large;\"><span style=\"color: #0c71c3;\">Hojas Membretadas :\u00a0\u00a0$\u00a01,705 (1 Millar)<\/span><\/strong><\/p>\n<p><strong style=\"font-size: large;\"><span style=\"color: #0c71c3;\">Hosting y Dominio: $ 1,300<\/span><\/strong><\/p>\n<p><strong style=\"font-size: large;\"><span style=\"color: #0c71c3;\">P\u00e1gina Web Nivel 1 Presencia: $ 2,500<\/span><\/strong><\/p>\n<p>[\/et_pb_toggle][et_pb_text _builder_version=&#8221;3.24.1&#8243;]<\/p>\n<p><span style=\"font-size: large;\"><strong>+\u00a0 \u00a0 $\u00a0 \u00a01,300 para HOSTING Y DOMINIO<\/strong> de tu nueva P\u00e1gina Web (por un a\u00f1o) &#8230; <strong>que al a\u00f1o siguiente bajar\u00eda a\u00a0 \u00a0 $\u00a0 \u00a0 970<\/strong><\/span><\/p>\n<p>[\/et_pb_text][et_pb_divider color=&#8221;#0019ff&#8221; _builder_version=&#8221;3.24.1&#8243;][\/et_pb_divider][\/et_pb_column][et_pb_column type=&#8221;1_4&#8243; _builder_version=&#8221;3.24.1&#8243;][et_pb_text _builder_version=&#8221;3.24.1&#8243; text_font=&#8221;||||||||&#8221; text_text_align=&#8221;center&#8221; text_text_color=&#8221;#ffffff&#8221; text_font_size=&#8221;24px&#8221; text_line_height=&#8221;1em&#8221; ul_font=&#8221;||||||||&#8221; border_width_all=&#8221;1px&#8221; box_shadow_style=&#8221;preset3&#8243;]<\/p>\n<p><span color=\"#fc00ef\" style=\"color: #008000;\">Imagen Corporativa Intermedia<\/span><\/p>\n<p>[\/et_pb_text][et_pb_number_counter number=&#8221;12085&#8243; percent_sign=&#8221;off&#8221; _builder_version=&#8221;3.24.1&#8243; number_font=&#8221;||||||||&#8221; number_text_color=&#8221;#7cda24&#8243; number_text_shadow_style=&#8221;preset1&#8243;][\/et_pb_number_counter][et_pb_toggle title=&#8221;Contiene:&#8221; _builder_version=&#8221;3.24.1&#8243; box_shadow_style=&#8221;preset3&#8243;]<\/p>\n<p><span style=\"font-size: large; color: #0c71c3;\"><strong>Logo:\u00a0\u00a0$\u00a02,371<\/strong><\/span><\/p>\n<p><strong style=\"color: #0c71c3; font-size: large;\">Tarjetas :\u00a0$\u00a0519 (1 Millar)<\/strong><\/p>\n<p><strong style=\"font-size: large;\"><span style=\"color: #0c71c3;\">Hojas Membretadas :\u00a0\u00a0$\u00a01,705 (1 Millar)<\/span><\/strong><\/p>\n<p><strong style=\"font-size: large;\"><span style=\"color: #0c71c3;\">Hosting y Dominio: $ 1,300<\/span><\/strong><\/p>\n<p><strong style=\"font-size: large;\"><span style=\"color: #0c71c3;\">P\u00e1gina Web Nivel 1 Presencia: $ 2,500<\/span><\/strong><\/p>\n<p><strong style=\"font-size: large;\"><span style=\"color: #0c71c3;\">Mini-P\u00e1gina para Celular : $ 1,300<\/span><\/strong><\/p>\n<p><strong style=\"font-size: large;\"><span style=\"color: #0c71c3;\">Tr\u00edptico Giga (Como Cat\u00e1logo en Tr\u00edptico) : $ 2,390<\/span><\/strong><\/p>\n<p>[\/et_pb_toggle][et_pb_text _builder_version=&#8221;3.24.1&#8243;]<\/p>\n<p><span style=\"font-size: large;\"><strong>+\u00a0 \u00a0 $\u00a0 \u00a01,300 para HOSTING Y DOMINIO<\/strong> de tu nueva P\u00e1gina Web (por un a\u00f1o) &#8230; <strong>que al a\u00f1o siguiente bajar\u00eda a\u00a0 \u00a0 $\u00a0 \u00a0 970<\/strong><\/span><\/p>\n<p>[\/et_pb_text][et_pb_divider color=&#8221;#7cda24&#8243; _builder_version=&#8221;3.24.1&#8243;][\/et_pb_divider][\/et_pb_column][et_pb_column type=&#8221;1_4&#8243; _builder_version=&#8221;3.24.1&#8243;][et_pb_text _builder_version=&#8221;3.24.1&#8243; text_font=&#8221;||||||||&#8221; text_text_align=&#8221;center&#8221; text_text_color=&#8221;#ffffff&#8221; text_font_size=&#8221;24px&#8221; text_line_height=&#8221;1em&#8221; ul_font=&#8221;||||||||&#8221; border_width_all=&#8221;1px&#8221; box_shadow_style=&#8221;preset3&#8243;]<\/p>\n<p><span color=\"#fc00ef\" style=\"color: #800080;\">Imagen Corporativa Completa<\/span><\/p>\n<p>[\/et_pb_text][et_pb_number_counter number=&#8221;17707&#8243; percent_sign=&#8221;off&#8221; _builder_version=&#8221;3.24.1&#8243; number_font=&#8221;||||||||&#8221; number_text_color=&#8221;#8300e9&#8243; number_text_shadow_style=&#8221;preset1&#8243;][\/et_pb_number_counter][et_pb_toggle title=&#8221;Contiene:&#8221; _builder_version=&#8221;3.24.1&#8243; box_shadow_style=&#8221;preset3&#8243;]<\/p>\n<p><span style=\"font-size: large; color: #0c71c3;\"><strong>Logo:\u00a0\u00a0$\u00a02,371<\/strong><\/span><\/p>\n<p><strong style=\"color: #0c71c3; font-size: large;\">Tarjetas :\u00a0$\u00a0519 (1 Millar)<\/strong><\/p>\n<p><strong style=\"font-size: large;\"><span style=\"color: #0c71c3;\">Hojas Membretadas :\u00a0\u00a0$\u00a01,705 (1 Millar)<\/span><\/strong><\/p>\n<p><strong style=\"font-size: large;\"><span style=\"color: #0c71c3;\">Hosting y Dominio: $ 1,300<\/span><\/strong><\/p>\n<p><strong style=\"font-size: large;\"><span style=\"color: #0c71c3;\">P\u00e1gina Web Nivel 1 Presencia: $ 2,500<\/span><\/strong><\/p>\n<p><strong style=\"font-size: large;\"><span style=\"color: #0c71c3;\">Mini-P\u00e1gina para Celular : $ 1,300<\/span><\/strong><\/p>\n<p><strong style=\"font-size: large;\"><span style=\"color: #0c71c3;\">Tr\u00edptico Giga (Como Cat\u00e1logo en Tr\u00edptico) : $ 2,390<\/span><\/strong><\/p>\n<p><strong style=\"font-size: large;\"><span style=\"color: #0c71c3;\">Folders : $ 5,622 (250 Folders)<\/span><\/strong><\/p>\n<p>[\/et_pb_toggle][et_pb_text _builder_version=&#8221;3.24.1&#8243;]<\/p>\n<p><span style=\"font-size: large;\"><strong>+\u00a0 \u00a0 $\u00a0 \u00a01,300 para HOSTING Y DOMINIO<\/strong> de tu nueva P\u00e1gina Web (por un a\u00f1o) &#8230; <strong>que al a\u00f1o siguiente bajar\u00eda a\u00a0 \u00a0 $\u00a0 \u00a0 970<\/strong><\/span><\/p>\n<p>[\/et_pb_text][et_pb_divider color=&#8221;#8300e9&#8243; _builder_version=&#8221;3.24.1&#8243;][\/et_pb_divider][\/et_pb_column][\/et_pb_row][\/et_pb_section][et_pb_section fb_built=&#8221;1&#8243; fullwidth=&#8221;on&#8221; _builder_version=&#8221;3.24.1&#8243; box_shadow_style=&#8221;preset3&#8243; animation_style=&#8221;roll&#8221;][et_pb_fullwidth_header title=&#8221;.. com\u00e9ntanos por Whats App si te gustar\u00eda que te desarroll\u00e1ramos tu Imagen Corporativa y con gusto te apoyamos!!&#8221; _builder_version=&#8221;3.24.1&#8243; title_font=&#8221;||||||||&#8221; title_text_align=&#8221;center&#8221; title_text_color=&#8221;#8300e9&#8243; title_font_size=&#8221;36px&#8221; title_text_shadow_style=&#8221;preset1&#8243; content_font=&#8221;||||||||&#8221; content_text_align=&#8221;center&#8221; content_text_color=&#8221;#000000&#8243; content_font_size=&#8221;20px&#8221; content_text_shadow_style=&#8221;preset1&#8243; background_color=&#8221;#ffffff&#8221; custom_padding=&#8221;24px||18px|||&#8221;][\/et_pb_fullwidth_header][\/et_pb_section][et_pb_section fb_built=&#8221;1&#8243; _builder_version=&#8221;3.24.1&#8243; box_shadow_style=&#8221;preset3&#8243;][et_pb_row _builder_version=&#8221;3.24.1&#8243;][et_pb_column type=&#8221;1_2&#8243; _builder_version=&#8221;3.24.1&#8243;][et_pb_text _builder_version=&#8221;3.24.1&#8243; text_font=&#8221;||||||||&#8221; text_font_size=&#8221;22px&#8221; animation_style=&#8221;roll&#8221;]<\/p>\n<div id=\"text720faeek\" class=\"aut abs\">\n<div id=\"text542nuryv\" class=\"aut abs\">\n<p><span style=\"color: #8300e9;\"><b>.. o si deseas armar tu propio paquete de Imagen Corporativa, entonces\u00a0dinos qu\u00e9 necesitas?\u00a0<\/b>y <b>.. listo!!<\/b><\/span><\/p>\n<\/div>\n<\/div>\n<p>[\/et_pb_text][et_pb_text _builder_version=&#8221;3.24.1&#8243; text_font=&#8221;||||||||&#8221; text_font_size=&#8221;22px&#8221; animation_style=&#8221;roll&#8221;]<\/p>\n<div id=\"text720faeek\" class=\"aut abs\">\n<p>.. Logotipo corporativo .. Tarjetas de presentaci\u00f3n .. P\u00e1gina Web .. Mini-P\u00e1gina para celular .. Hojas Membretadas .. Cat\u00e1logos Corporativos .. Folders .. Tienda Virtual .. Lonas impresas .. volantes .. Imagen en las cajas de tus productos .. \u00a0etiquetas .. o lo que necesites!!<\/p>\n<\/div>\n<p>[\/et_pb_text][et_pb_text _builder_version=&#8221;3.24.1&#8243; text_font=&#8221;||||||||&#8221; text_text_color=&#8221;#8300e9&#8243; text_font_size=&#8221;30px&#8221; text_text_shadow_style=&#8221;preset1&#8243; animation_style=&#8221;roll&#8221;]<\/p>\n<div id=\"text720faeek\" class=\"aut abs\">\n<p><span><b>\u00bfQu\u00e9 tal?\u00a0\u00a0\u00a0 .. excelente no?<\/b><\/span><\/p>\n<\/div>\n<p>[\/et_pb_text][et_pb_image src=&#8221;http:\/\/paginaswebenmexico.net\/wordpress2019\/wp-content\/uploads\/2019\/07\/haz-tu-pedido-ahora.jpg&#8221; _builder_version=&#8221;3.24.1&#8243;][\/et_pb_image][\/et_pb_column][et_pb_column type=&#8221;1_2&#8243; _builder_version=&#8221;3.24.1&#8243;][et_pb_image src=&#8221;http:\/\/paginaswebenmexico.net\/wordpress2019\/wp-content\/uploads\/2019\/07\/whatsappeanos-ya.jpg&#8221; _builder_version=&#8221;3.24.1&#8243;][\/et_pb_image][\/et_pb_column][\/et_pb_row][\/et_pb_section][et_pb_section fb_built=&#8221;1&#8243; fullwidth=&#8221;on&#8221; _builder_version=&#8221;3.24.1&#8243; background_color=&#8221;rgba(0,0,0,0)&#8221; animation_style=&#8221;roll&#8221;][et_pb_fullwidth_header title=&#8221;Whats App&#8221; subhead=&#8221;5516286084 y al 5528911200    ofi:  41735309&#8243; _builder_version=&#8221;3.24.1&#8243; title_font=&#8221;||||||||&#8221; title_text_color=&#8221;#000000&#8243; title_font_size=&#8221;51px&#8221; title_text_shadow_style=&#8221;preset1&#8243; content_font=&#8221;||||||||&#8221; content_text_color=&#8221;#000000&#8243; content_font_size=&#8221;20px&#8221; subhead_font=&#8221;||||||||&#8221; subhead_text_color=&#8221;#000000&#8243; subhead_font_size=&#8221;23px&#8221; background_color=&#8221;rgba(0,0,0,0)&#8221; animation_style=&#8221;fade&#8221;]<\/p>\n<div class=\"et_pb_header_content_wrapper\">\n<p><span style=\"color: #b2b2b2;\"><\/span><\/p>\n<p><span style=\"color: #b2b2b2;\">\u00a0<\/span><\/p>\n<p><span style=\"color: #757575;\">.. y de inmediato y con mucho gusto\u00a0<strong>..\u00a0 \u00a0 \u00a0 \u00a0<span style=\"color: #0e5fed;\">.. te atenderemos !!\u00a0 \u00a0 \u00a0 \u00a0=)<\/span><\/strong><\/span><\/p>\n<\/div>\n<p>[\/et_pb_fullwidth_header][\/et_pb_section][et_pb_section fb_built=&#8221;1&#8243; fullwidth=&#8221;on&#8221; disabled_on=&#8221;off|on|on&#8221; _builder_version=&#8221;3.24.1&#8243;][et_pb_fullwidth_image src=&#8221;http:\/\/paginaswebenmexico.net\/wordpress2019\/wp-content\/uploads\/2019\/07\/lamina-13.jpg&#8221; _builder_version=&#8221;3.24.1&#8243; animation_style=&#8221;zoom&#8221;][\/et_pb_fullwidth_image][\/et_pb_section][et_pb_section fb_built=&#8221;1&#8243; specialty=&#8221;on&#8221; custom_padding_last_edited=&#8221;off|desktop&#8221; admin_label=&#8221;Footer&#8221; _builder_version=&#8221;3.24.1&#8243; use_background_color_gradient=&#8221;on&#8221; background_color_gradient_start=&#8221;#ff6c6e&#8221; background_color_gradient_end=&#8221;#ff7494&#8243; background_color_gradient_direction=&#8221;90deg&#8221; min_height=&#8221;696px&#8221; custom_margin=&#8221;-1px|||||&#8221; custom_padding=&#8221;20px|||||&#8221; custom_padding_phone=&#8221;50px||50px||true&#8221; animation_style=&#8221;fold&#8221; saved_tabs=&#8221;all&#8221;][et_pb_column type=&#8221;1_2&#8243; specialty_columns=&#8221;2&#8243; _builder_version=&#8221;3.0.47&#8243;][et_pb_row_inner make_equal=&#8221;on&#8221; _builder_version=&#8221;3.6&#8243;][et_pb_column_inner type=&#8221;4_4&#8243; saved_specialty_column_type=&#8221;1_2&#8243; _builder_version=&#8221;3.0.47&#8243;][et_pb_text admin_label=&#8221;Title&#8221; _builder_version=&#8221;3.6&#8243; text_font=&#8221;||||||||&#8221; header_font=&#8221;||||||||&#8221; header_2_font=&#8221;Oswald|300|||||||&#8221; header_2_font_size=&#8221;52px&#8221; header_2_letter_spacing=&#8221;1px&#8221; header_2_line_height=&#8221;1.3em&#8221; header_6_font=&#8221;Lato|700||on|||||&#8221; header_6_line_height=&#8221;1.8em&#8221; background_layout=&#8221;dark&#8221; custom_margin=&#8221;|||&#8221; custom_padding=&#8221;|||&#8221; header_2_font_size_phone=&#8221;36px&#8221; header_2_font_size_last_edited=&#8221;on|phone&#8221; locked=&#8221;off&#8221;]<\/p>\n<h6>cont\u00e1ctanos<\/h6>\n<h2>\u00bfQu\u00e9 es lo que necesitas?..<\/h2>\n<p>&nbsp;<\/p>\n<p>[\/et_pb_text][\/et_pb_column_inner][\/et_pb_row_inner][et_pb_row_inner custom_padding=&#8221;|||&#8221; _builder_version=&#8221;3.6&#8243;][et_pb_column_inner type=&#8221;1_2&#8243; saved_specialty_column_type=&#8221;1_2&#8243; _builder_version=&#8221;3.0.47&#8243;][et_pb_blurb title=&#8221;Email&#8221; use_icon=&#8221;on&#8221; font_icon=&#8221;%%238%%&#8221; icon_color=&#8221;#ffffff&#8221; icon_placement=&#8221;left&#8221; use_icon_font_size=&#8221;on&#8221; icon_font_size=&#8221;16px&#8221; _builder_version=&#8221;3.24.1&#8243; header_font=&#8221;Lato|700||on|||||&#8221; header_font_size=&#8221;22px&#8221; header_line_height=&#8221;1.2em&#8221; body_font=&#8221;Lato||||||||&#8221; body_font_size=&#8221;18px&#8221; background_layout=&#8221;dark&#8221; animation=&#8221;off&#8221; text_shadow_style=&#8221;preset1&#8243;]<\/p>\n<p>deitmexico@hotmail.es<\/p>\n<p>[\/et_pb_blurb][et_pb_blurb title=&#8221;Whats app&#8221; use_icon=&#8221;on&#8221; font_icon=&#8221;%%264%%&#8221; icon_color=&#8221;#ffffff&#8221; icon_placement=&#8221;left&#8221; use_icon_font_size=&#8221;on&#8221; icon_font_size=&#8221;16px&#8221; _builder_version=&#8221;3.24.1&#8243; header_font=&#8221;Lato|700||on|||||&#8221; header_font_size=&#8221;22px&#8221; header_line_height=&#8221;1.2em&#8221; body_font=&#8221;Lato||||||||&#8221; body_font_size=&#8221;18px&#8221; background_layout=&#8221;dark&#8221; animation=&#8221;off&#8221; text_shadow_style=&#8221;preset1&#8243; locked=&#8221;off&#8221;]<\/p>\n<p>5516286084 y 5528911200\u00a0 \u00a0 ofi:\u00a0 41735309<\/p>\n<p>[\/et_pb_blurb][\/et_pb_column_inner][et_pb_column_inner type=&#8221;1_2&#8243; saved_specialty_column_type=&#8221;1_2&#8243; _builder_version=&#8221;3.0.47&#8243;][et_pb_blurb title=&#8221;Direcci\u00f3n&#8221; use_icon=&#8221;on&#8221; font_icon=&#8221;%%249%%&#8221; icon_color=&#8221;#ffffff&#8221; icon_placement=&#8221;left&#8221; use_icon_font_size=&#8221;on&#8221; icon_font_size=&#8221;16px&#8221; _builder_version=&#8221;3.24.1&#8243; header_font=&#8221;Lato|700||on|||||&#8221; header_font_size=&#8221;22px&#8221; header_line_height=&#8221;1.2em&#8221; body_font=&#8221;Lato||||||||&#8221; body_font_size=&#8221;18px&#8221; background_layout=&#8221;dark&#8221; animation=&#8221;off&#8221; text_shadow_style=&#8221;preset1&#8243; locked=&#8221;off&#8221;]<\/p>\n<p>Norte 56 N\u00b0 3815 Col. R\u00edo Blanco, Alcald\u00eda G. A. Madero, CD<strong>MX<\/strong><\/p>\n<p>[\/et_pb_blurb][\/et_pb_column_inner][\/et_pb_row_inner][et_pb_row_inner custom_padding=&#8221;25px|0px|15px|0px|false|false&#8221; _builder_version=&#8221;3.6&#8243; border_width_all=&#8221;1px&#8221; border_color_all=&#8221;rgba(255,255,255,0.2)&#8221; border_width_right=&#8221;0px&#8221; border_width_left=&#8221;0px&#8221; custom_margin=&#8221;30px|||&#8221;][et_pb_column_inner type=&#8221;4_4&#8243; saved_specialty_column_type=&#8221;1_2&#8243; _builder_version=&#8221;3.0.47&#8243;][et_pb_social_media_follow _builder_version=&#8221;3.6&#8243; text_orientation=&#8221;center&#8221; custom_margin=&#8221;|20px|0px|20px|false|true&#8221;][et_pb_social_media_follow_network social_network=&#8221;pinterest&#8221; _builder_version=&#8221;3.6&#8243; custom_margin=&#8221;|20px||20px|false|true&#8221; follow_button=&#8221;off&#8221; url_new_window=&#8221;on&#8221;]pinterest[\/et_pb_social_media_follow_network][et_pb_social_media_follow_network social_network=&#8221;dribbble&#8221; _builder_version=&#8221;3.6&#8243; custom_margin=&#8221;|20px||20px|false|true&#8221; follow_button=&#8221;off&#8221; url_new_window=&#8221;on&#8221;]dribbble[\/et_pb_social_media_follow_network][et_pb_social_media_follow_network social_network=&#8221;instagram&#8221; _builder_version=&#8221;3.6&#8243; custom_margin=&#8221;|20px||20px|false|true&#8221; follow_button=&#8221;off&#8221; url_new_window=&#8221;on&#8221;]instagram[\/et_pb_social_media_follow_network][et_pb_social_media_follow_network social_network=&#8221;flikr&#8221; _builder_version=&#8221;3.6&#8243; custom_margin=&#8221;|20px||20px|false|true&#8221; follow_button=&#8221;off&#8221; url_new_window=&#8221;on&#8221;]flikr[\/et_pb_social_media_follow_network][\/et_pb_social_media_follow][\/et_pb_column_inner][\/et_pb_row_inner][\/et_pb_column][et_pb_column type=&#8221;1_2&#8243; _builder_version=&#8221;3.0.47&#8243;][et_pb_contact_form captcha=&#8221;off&#8221; email=&#8221;deitmexico@hotmail.es&#8221; submit_button_text=&#8221;Enviar&#8221; module_id=&#8221;et_pb_contact_form_0&#8243; _builder_version=&#8221;3.24.1&#8243; form_field_background_color=&#8221;#ffffff&#8221; form_field_text_color=&#8221;rgba(0,0,0,0.3)&#8221; title_font=&#8221;||||||||&#8221; title_font_size=&#8221;26px&#8221; captcha_font=&#8221;||||||||&#8221; form_field_font=&#8221;||||||||&#8221; background_color=&#8221;#ffffff&#8221; border_width_all=&#8221;1px&#8221; border_color_all=&#8221;#e1e1e1&#8243; custom_button=&#8221;on&#8221; button_text_size=&#8221;13px&#8221; button_text_color=&#8221;#ffffff&#8221; button_bg_color=&#8221;#1e1e1e&#8221; button_border_width=&#8221;12px&#8221; button_border_color=&#8221;#1e1e1e&#8221; button_border_radius=&#8221;50px&#8221; button_letter_spacing=&#8221;1px&#8221; button_font=&#8221;Poppins|500||on|||||&#8221; button_icon=&#8221;%%3%%&#8221; box_shadow_style_button=&#8221;preset3&#8243; box_shadow_vertical_button=&#8221;24px&#8221; box_shadow_blur_button=&#8221;48px&#8221; box_shadow_color_button=&#8221;rgba(0,0,0,0.2)&#8221; custom_padding=&#8221;60px|50px|60px|50px|true|true&#8221; animation_style=&#8221;flip&#8221; animation_intensity_flip=&#8221;20%&#8221; text_shadow_style=&#8221;preset4&#8243; form_background_color=&#8221;#ffffff&#8221;][et_pb_contact_field field_id=&#8221;Name&#8221; field_title=&#8221;Nombre&#8221; fullwidth_field=&#8221;on&#8221; _builder_version=&#8221;3.24.1&#8243; border_radii=&#8221;on||||&#8221; box_shadow_style=&#8221;preset3&#8243; custom_margin=&#8221;||20px|&#8221; button_text_size__hover_enabled=&#8221;off&#8221; button_one_text_size__hover_enabled=&#8221;off&#8221; button_two_text_size__hover_enabled=&#8221;off&#8221; button_text_color__hover_enabled=&#8221;off&#8221; button_one_text_color__hover_enabled=&#8221;off&#8221; button_two_text_color__hover_enabled=&#8221;off&#8221; button_border_width__hover_enabled=&#8221;off&#8221; button_one_border_width__hover_enabled=&#8221;off&#8221; button_two_border_width__hover_enabled=&#8221;off&#8221; button_border_color__hover_enabled=&#8221;off&#8221; button_one_border_color__hover_enabled=&#8221;off&#8221; button_two_border_color__hover_enabled=&#8221;off&#8221; button_border_radius__hover_enabled=&#8221;off&#8221; button_one_border_radius__hover_enabled=&#8221;off&#8221; button_two_border_radius__hover_enabled=&#8221;off&#8221; button_letter_spacing__hover_enabled=&#8221;off&#8221; button_one_letter_spacing__hover_enabled=&#8221;off&#8221; button_two_letter_spacing__hover_enabled=&#8221;off&#8221; button_bg_color__hover_enabled=&#8221;off&#8221; button_one_bg_color__hover_enabled=&#8221;off&#8221; button_two_bg_color__hover_enabled=&#8221;off&#8221;][\/et_pb_contact_field][et_pb_contact_field field_id=&#8221;Email&#8221; field_title=&#8221;Correo Electr\u00f3nico&#8221; field_type=&#8221;email&#8221; fullwidth_field=&#8221;on&#8221; _builder_version=&#8221;3.24.1&#8243; border_radii=&#8221;on||||&#8221; box_shadow_style=&#8221;preset3&#8243; custom_margin=&#8221;||20px|&#8221; button_text_size__hover_enabled=&#8221;off&#8221; button_one_text_size__hover_enabled=&#8221;off&#8221; button_two_text_size__hover_enabled=&#8221;off&#8221; button_text_color__hover_enabled=&#8221;off&#8221; button_one_text_color__hover_enabled=&#8221;off&#8221; button_two_text_color__hover_enabled=&#8221;off&#8221; button_border_width__hover_enabled=&#8221;off&#8221; button_one_border_width__hover_enabled=&#8221;off&#8221; button_two_border_width__hover_enabled=&#8221;off&#8221; button_border_color__hover_enabled=&#8221;off&#8221; button_one_border_color__hover_enabled=&#8221;off&#8221; button_two_border_color__hover_enabled=&#8221;off&#8221; button_border_radius__hover_enabled=&#8221;off&#8221; button_one_border_radius__hover_enabled=&#8221;off&#8221; button_two_border_radius__hover_enabled=&#8221;off&#8221; button_letter_spacing__hover_enabled=&#8221;off&#8221; button_one_letter_spacing__hover_enabled=&#8221;off&#8221; button_two_letter_spacing__hover_enabled=&#8221;off&#8221; button_bg_color__hover_enabled=&#8221;off&#8221; button_one_bg_color__hover_enabled=&#8221;off&#8221; button_two_bg_color__hover_enabled=&#8221;off&#8221;][\/et_pb_contact_field][et_pb_contact_field field_id=&#8221;Message&#8221; field_title=&#8221;\u00bfQu\u00e9 necesitas?&#8221; field_type=&#8221;text&#8221; fullwidth_field=&#8221;on&#8221; _builder_version=&#8221;3.24.1&#8243; border_radii=&#8221;on||||&#8221; box_shadow_style=&#8221;preset3&#8243; custom_margin=&#8221;||20px|&#8221; button_text_size__hover_enabled=&#8221;off&#8221; button_one_text_size__hover_enabled=&#8221;off&#8221; button_two_text_size__hover_enabled=&#8221;off&#8221; button_text_color__hover_enabled=&#8221;off&#8221; button_one_text_color__hover_enabled=&#8221;off&#8221; button_two_text_color__hover_enabled=&#8221;off&#8221; button_border_width__hover_enabled=&#8221;off&#8221; button_one_border_width__hover_enabled=&#8221;off&#8221; button_two_border_width__hover_enabled=&#8221;off&#8221; button_border_color__hover_enabled=&#8221;off&#8221; button_one_border_color__hover_enabled=&#8221;off&#8221; button_two_border_color__hover_enabled=&#8221;off&#8221; button_border_radius__hover_enabled=&#8221;off&#8221; button_one_border_radius__hover_enabled=&#8221;off&#8221; button_two_border_radius__hover_enabled=&#8221;off&#8221; button_letter_spacing__hover_enabled=&#8221;off&#8221; button_one_letter_spacing__hover_enabled=&#8221;off&#8221; button_two_letter_spacing__hover_enabled=&#8221;off&#8221; button_bg_color__hover_enabled=&#8221;off&#8221; button_one_bg_color__hover_enabled=&#8221;off&#8221; button_two_bg_color__hover_enabled=&#8221;off&#8221;][\/et_pb_contact_field][\/et_pb_contact_form][\/et_pb_column][\/et_pb_section]<\/p>\n","protected":false},"excerpt":{"rendered":"<p>[et_pb_section fb_built=&#8221;1&#8243; fullwidth=&#8221;on&#8221; _builder_version=&#8221;3.24.1&#8243;][et_pb_fullwidth_image src=&#8221;http:\/\/paginaswebenmexico.net\/wordpress2019\/wp-content\/uploads\/2019\/07\/imagen-corporativa-2.jpg&#8221; disabled_on=&#8221;on|off|off&#8221; _builder_version=&#8221;3.24.1&#8243; box_shadow_style=&#8221;preset3&#8243; animation_style=&#8221;bounce&#8221;][\/et_pb_fullwidth_image][\/et_pb_section][et_pb_section fb_built=&#8221;1&#8243; fullwidth=&#8221;on&#8221; _builder_version=&#8221;3.24.1&#8243;][et_pb_fullwidth_image src=&#8221;http:\/\/paginaswebenmexico.net\/wordpress2019\/wp-content\/uploads\/2019\/07\/imagen-corp-inicio-cel.jpg&#8221; disabled_on=&#8221;off|on|on&#8221; _builder_version=&#8221;3.24.1&#8243; animation_style=&#8221;roll&#8221;][\/et_pb_fullwidth_image][\/et_pb_section][et_pb_section fb_built=&#8221;1&#8243; fullwidth=&#8221;on&#8221; _builder_version=&#8221;3.24.1&#8243; box_shadow_style=&#8221;preset3&#8243; animation_style=&#8221;roll&#8221;][et_pb_fullwidth_header title=&#8221;Dise\u00f1o de Imagen Corporativa para tu empresa o negocio&#8221; _builder_version=&#8221;3.24.1&#8243; title_font=&#8221;||||||||&#8221; title_text_align=&#8221;center&#8221; title_font_size=&#8221;36px&#8221; title_text_shadow_style=&#8221;preset1&#8243; content_font=&#8221;||||||||&#8221; content_text_align=&#8221;center&#8221; content_font_size=&#8221;20px&#8221; content_text_shadow_style=&#8221;preset1&#8243; background_color=&#8221;#e02b20&#8243;] &nbsp; La Imagen Corporativa es el alma de tu empresa y es lo primero que [&hellip;]<\/p>\n","protected":false},"author":1,"featured_media":0,"parent":0,"menu_order":0,"comment_status":"closed","ping_status":"closed","template":"","meta":{"_et_pb_use_builder":"on","_et_pb_old_content":"","footnotes":""},"_links":{"self":[{"href":"https:\/\/paginaswebenmexico.net\/wordpress2019\/wp-json\/wp\/v2\/pages\/2112"}],"collection":[{"href":"https:\/\/paginaswebenmexico.net\/wordpress2019\/wp-json\/wp\/v2\/pages"}],"about":[{"href":"https:\/\/paginaswebenmexico.net\/wordpress2019\/wp-json\/wp\/v2\/types\/page"}],"author":[{"embeddable":true,"href":"https:\/\/paginaswebenmexico.net\/wordpress2019\/wp-json\/wp\/v2\/users\/1"}],"replies":[{"embeddable":true,"href":"https:\/\/paginaswebenmexico.net\/wordpress2019\/wp-json\/wp\/v2\/comments?post=2112"}],"version-history":[{"count":40,"href":"https:\/\/paginaswebenmexico.net\/wordpress2019\/wp-json\/wp\/v2\/pages\/2112\/revisions"}],"predecessor-version":[{"id":5412,"href":"https:\/\/paginaswebenmexico.net\/wordpress2019\/wp-json\/wp\/v2\/pages\/2112\/revisions\/5412"}],"wp:attachment":[{"href":"https:\/\/paginaswebenmexico.net\/wordpress2019\/wp-json\/wp\/v2\/media?parent=2112"}],"curies":[{"name":"wp","href":"https:\/\/api.w.org\/{rel}","templated":true}]}}